{"id":30,"date":"2021-11-26T12:22:36","date_gmt":"2021-11-26T12:22:36","guid":{"rendered":"https:\/\/ecole-fourtanier.org\/?page_id=30"},"modified":"2022-09-13T11:43:45","modified_gmt":"2022-09-13T11:43:45","slug":"qui-sommes-nous","status":"publish","type":"page","link":"https:\/\/ecole-fourtanier.org\/index.php\/qui-sommes-nous\/","title":{"rendered":"QUI SOMMES-NOUS ?"},"content":{"rendered":"\t\t<div data-elementor-type=\"wp-page\" data-elementor-id=\"30\" class=\"elementor elementor-30\">\n\t\t\t\t\t\t\t\t\t<section class=\"elementor-section elementor-top-section elementor-element elementor-element-15faed6 elementor-section-stretched elementor-section-boxed elementor-section-height-default elementor-section-height-default\" data-id=\"15faed6\" data-element_type=\"section\" data-settings=\"{&quot;stretch_section&quot;:&quot;section-stretched&quot;,&quot;background_background&quot;:&quot;classic&quot;,&quot;background_motion_fx_motion_fx_scrolling&quot;:&quot;yes&quot;,&quot;background_motion_fx_translateY_effect&quot;:&quot;yes&quot;,&quot;background_motion_fx_translateY_speed&quot;:{&quot;unit&quot;:&quot;px&quot;,&quot;size&quot;:6.1,&quot;sizes&quot;:[]},&quot;background_motion_fx_translateY_affectedRange&quot;:{&quot;unit&quot;:&quot;%&quot;,&quot;size&quot;:&quot;&quot;,&quot;sizes&quot;:{&quot;start&quot;:0,&quot;end&quot;:100}},&quot;background_motion_fx_devices&quot;:[&quot;desktop&quot;,&quot;tablet&quot;,&quot;mobile&quot;]}\">\n\t\t\t\t\t\t<div class=\"elementor-container elementor-column-gap-default\">\n\t\t\t\t\t<div class=\"elementor-column elementor-col-100 elementor-top-column elementor-element elementor-element-6256d30\" data-id=\"6256d30\" data-element_type=\"column\">\n\t\t\t<div class=\"elementor-widget-wrap elementor-element-populated\">\n\t\t\t\t\t\t\t\t<div class=\"elementor-element elementor-element-4ce1093 elementor-widget elementor-widget-heading\" data-id=\"4ce1093\" data-element_type=\"widget\" data-widget_type=\"heading.default\">\n\t\t\t\t<div class=\"elementor-widget-container\">\n\t\t\t<style>\/*! elementor - v3.7.4 - 31-08-2022 *\/\n.elementor-heading-title{padding:0;margin:0;line-height:1}.elementor-widget-heading .elementor-heading-title[class*=elementor-size-]>a{color:inherit;font-size:inherit;line-height:inherit}.elementor-widget-heading .elementor-heading-title.elementor-size-small{font-size:15px}.elementor-widget-heading .elementor-heading-title.elementor-size-medium{font-size:19px}.elementor-widget-heading .elementor-heading-title.elementor-size-large{font-size:29px}.elementor-widget-heading .elementor-heading-title.elementor-size-xl{font-size:39px}.elementor-widget-heading .elementor-heading-title.elementor-size-xxl{font-size:59px}<\/style><h2 class=\"elementor-heading-title elementor-size-default\">qui sommes-nous ?<\/h2>\t\t<\/div>\n\t\t\t\t<\/div>\n\t\t\t\t\t<\/div>\n\t\t<\/div>\n\t\t\t\t\t\t\t<\/div>\n\t\t<\/section>\n\t\t\t\t<section class=\"elementor-section elementor-top-section elementor-element elementor-element-d13f173 elementor-section-boxed elementor-section-height-default elementor-section-height-default\" data-id=\"d13f173\" data-element_type=\"section\">\n\t\t\t\t\t\t<div class=\"elementor-container elementor-column-gap-default\">\n\t\t\t\t\t<div class=\"elementor-column elementor-col-100 elementor-top-column elementor-element elementor-element-013d0ea\" data-id=\"013d0ea\" data-element_type=\"column\">\n\t\t\t<div class=\"elementor-widget-wrap elementor-element-populated\">\n\t\t\t\t\t\t\t\t<div class=\"elementor-element elementor-element-346fcfc elementor-widget elementor-widget-spacer\" data-id=\"346fcfc\" data-element_type=\"widget\" data-widget_type=\"spacer.default\">\n\t\t\t\t<div class=\"elementor-widget-container\">\n\t\t\t<style>\/*! elementor - v3.7.4 - 31-08-2022 *\/\n.elementor-column .elementor-spacer-inner{height:var(--spacer-size)}.e-container{--container-widget-width:100%}.e-container>.elementor-widget-spacer{width:var(--container-widget-width,var(--spacer-size));-ms-flex-item-align:stretch;align-self:stretch;-ms-flex-negative:0;flex-shrink:0}.e-container>.elementor-widget-spacer>.elementor-widget-container,.e-container>.elementor-widget-spacer>.elementor-widget-container>.elementor-spacer{height:100%}.e-container>.elementor-widget-spacer>.elementor-widget-container>.elementor-spacer>.elementor-spacer-inner{height:var(--container-widget-height,var(--spacer-size))}<\/style>\t\t<div class=\"elementor-spacer\">\n\t\t\t<div class=\"elementor-spacer-inner\"><\/div>\n\t\t<\/div>\n\t\t\t\t<\/div>\n\t\t\t\t<\/div>\n\t\t\t\t<div class=\"elementor-element elementor-element-22d6822 elementor-widget elementor-widget-heading\" data-id=\"22d6822\" data-element_type=\"widget\" data-widget_type=\"heading.default\">\n\t\t\t\t<div class=\"elementor-widget-container\">\n\t\t\t<h2 class=\"elementor-heading-title elementor-size-default\">L'ASSOCIATION<\/h2>\t\t<\/div>\n\t\t\t\t<\/div>\n\t\t\t\t<div class=\"elementor-element elementor-element-cef8ddb elementor-widget elementor-widget-text-editor\" data-id=\"cef8ddb\" data-element_type=\"widget\" data-widget_type=\"text-editor.default\">\n\t\t\t\t<div class=\"elementor-widget-container\">\n\t\t\t<style>\/*! elementor - v3.7.4 - 31-08-2022 *\/\n.elementor-widget-text-editor.elementor-drop-cap-view-stacked .elementor-drop-cap{background-color:#818a91;color:#fff}.elementor-widget-text-editor.elementor-drop-cap-view-framed .elementor-drop-cap{color:#818a91;border:3px solid;background-color:transparent}.elementor-widget-text-editor:not(.elementor-drop-cap-view-default) .elementor-drop-cap{margin-top:8px}.elementor-widget-text-editor:not(.elementor-drop-cap-view-default) .elementor-drop-cap-letter{width:1em;height:1em}.elementor-widget-text-editor .elementor-drop-cap{float:left;text-align:center;line-height:1;font-size:50px}.elementor-widget-text-editor .elementor-drop-cap-letter{display:inline-block}<\/style>\t\t\t\t<div><p><b>L&rsquo;association de parents d&rsquo;\u00e9l\u00e8ves \u00catre Parent A l&rsquo;\u00e9cole Fourtanier est une association \u00e0 but non lucratif loi 1901. Elle a \u00e9t\u00e9 cr\u00e9\u00e9e en 2015. L&rsquo;association ind\u00e9pendante, la\u00efque et apolitique vise \u00e0 repr\u00e9senter les parents d&rsquo;\u00e9l\u00e8ves pour am\u00e9liorer le bien \u00eatre et le vivre ensemble \u00e0 l&rsquo;\u00e9cole A.Fourtanier.<\/b><\/p><\/div>\t\t\t\t\t\t<\/div>\n\t\t\t\t<\/div>\n\t\t\t\t<div class=\"elementor-element elementor-element-350dbc2 elementor-align-center elementor-widget elementor-widget-button\" data-id=\"350dbc2\" data-element_type=\"widget\" data-widget_type=\"button.default\">\n\t\t\t\t<div class=\"elementor-widget-container\">\n\t\t\t\t\t<div class=\"elementor-button-wrapper\">\n\t\t\t<a href=\"https:\/\/ecole-fourtanier.org\/index.php\/adhesion\/\" class=\"elementor-button-link elementor-button elementor-size-sm elementor-animation-float\" role=\"button\">\n\t\t\t\t\t\t<span class=\"elementor-button-content-wrapper\">\n\t\t\t\t\t\t<span class=\"elementor-button-text\">adh\u00e9rer<\/span>\n\t\t<\/span>\n\t\t\t\t\t<\/a>\n\t\t<\/div>\n\t\t\t\t<\/div>\n\t\t\t\t<\/div>\n\t\t\t\t\t<\/div>\n\t\t<\/div>\n\t\t\t\t\t\t\t<\/div>\n\t\t<\/section>\n\t\t\t\t<section class=\"elementor-section elementor-top-section elementor-element elementor-element-9905e85 elementor-section-stretched elementor-section-boxed elementor-section-height-default elementor-section-height-default\" data-id=\"9905e85\" data-element_type=\"section\" data-settings=\"{&quot;stretch_section&quot;:&quot;section-stretched&quot;,&quot;background_background&quot;:&quot;classic&quot;,&quot;background_motion_fx_motion_fx_scrolling&quot;:&quot;yes&quot;,&quot;background_motion_fx_translateY_effect&quot;:&quot;yes&quot;,&quot;background_motion_fx_translateY_speed&quot;:{&quot;unit&quot;:&quot;px&quot;,&quot;size&quot;:6.1,&quot;sizes&quot;:[]},&quot;background_motion_fx_translateY_affectedRange&quot;:{&quot;unit&quot;:&quot;%&quot;,&quot;size&quot;:&quot;&quot;,&quot;sizes&quot;:{&quot;start&quot;:0,&quot;end&quot;:100}},&quot;background_motion_fx_devices&quot;:[&quot;desktop&quot;,&quot;tablet&quot;,&quot;mobile&quot;]}\">\n\t\t\t\t\t\t<div class=\"elementor-container elementor-column-gap-default\">\n\t\t\t\t\t<div class=\"elementor-column elementor-col-100 elementor-top-column elementor-element elementor-element-a1f7588\" data-id=\"a1f7588\" data-element_type=\"column\">\n\t\t\t<div class=\"elementor-widget-wrap elementor-element-populated\">\n\t\t\t\t\t\t\t\t<div class=\"elementor-element elementor-element-16ff2e5 elementor-widget elementor-widget-heading\" data-id=\"16ff2e5\" data-element_type=\"widget\" data-widget_type=\"heading.default\">\n\t\t\t\t<div class=\"elementor-widget-container\">\n\t\t\t<h2 class=\"elementor-heading-title elementor-size-default\">L'ADHESION<\/h2>\t\t<\/div>\n\t\t\t\t<\/div>\n\t\t\t\t<div class=\"elementor-element elementor-element-3666091 elementor-widget elementor-widget-text-editor\" data-id=\"3666091\" data-element_type=\"widget\" data-widget_type=\"text-editor.default\">\n\t\t\t\t<div class=\"elementor-widget-container\">\n\t\t\t\t\t\t\t<div><p>Pour nous aider et pourquoi pas nous rejoindre et am\u00e9liorer l&rsquo;environnement de nos enfants, nous vous invitons \u00e0 adh\u00e9rer et\/ou nous aider dans l&rsquo;organisation de nos \u00e9v\u00e8nements.<\/p><\/div>\t\t\t\t\t\t<\/div>\n\t\t\t\t<\/div>\n\t\t\t\t\t<\/div>\n\t\t<\/div>\n\t\t\t\t\t\t\t<\/div>\n\t\t<\/section>\n\t\t\t\t<section class=\"elementor-section elementor-top-section elementor-element elementor-element-fe9aa03 elementor-section-boxed elementor-section-height-default elementor-section-height-default\" data-id=\"fe9aa03\" data-element_type=\"section\">\n\t\t\t\t\t\t<div class=\"elementor-container elementor-column-gap-default\">\n\t\t\t\t\t<div class=\"elementor-column elementor-col-100 elementor-top-column elementor-element elementor-element-34a407f\" data-id=\"34a407f\" data-element_type=\"column\">\n\t\t\t<div class=\"elementor-widget-wrap elementor-element-populated\">\n\t\t\t\t\t\t\t\t<div class=\"elementor-element elementor-element-918f5eb elementor-widget elementor-widget-spacer\" data-id=\"918f5eb\" data-element_type=\"widget\" data-widget_type=\"spacer.default\">\n\t\t\t\t<div class=\"elementor-widget-container\">\n\t\t\t\t\t<div class=\"elementor-spacer\">\n\t\t\t<div class=\"elementor-spacer-inner\"><\/div>\n\t\t<\/div>\n\t\t\t\t<\/div>\n\t\t\t\t<\/div>\n\t\t\t\t<div class=\"elementor-element elementor-element-550813e elementor-widget elementor-widget-heading\" data-id=\"550813e\" data-element_type=\"widget\" data-widget_type=\"heading.default\">\n\t\t\t\t<div class=\"elementor-widget-container\">\n\t\t\t<h2 class=\"elementor-heading-title elementor-size-default\">LES OBJECTIFS <\/h2>\t\t<\/div>\n\t\t\t\t<\/div>\n\t\t\t\t<div class=\"elementor-element elementor-element-7e97697 elementor-widget elementor-widget-text-editor\" data-id=\"7e97697\" data-element_type=\"widget\" data-widget_type=\"text-editor.default\">\n\t\t\t\t<div class=\"elementor-widget-container\">\n\t\t\t\t\t\t\t<div><p><b>Les ann\u00e9es pr\u00e9c\u00e9dentes,<\/b> les adh\u00e9sions ont particip\u00e9 au financement de sorties annuelles de fin d&rsquo;ann\u00e9e.<\/p><p>L&rsquo;argent collect\u00e9 permet aussi de participer \u00e0 l&rsquo;achat de mat\u00e9riels que l&rsquo;\u00e9cole ne peut parfois pas supporter.\u00a0<\/p><p>Ainsi, vos adh\u00e9sions contribuent \u00e0 l&rsquo;am\u00e9lioration de la vie collective de l&rsquo;\u00e9cole.<\/p><p>Nous esp\u00e9rons pouvoir r\u00e9investir l&rsquo;\u00e9cole en proposant des \u00e9v\u00e8nements festifs pour tisser les liens n\u00e9cessaires au plaisir de tous.<\/p><\/div>\t\t\t\t\t\t<\/div>\n\t\t\t\t<\/div>\n\t\t\t\t<div class=\"elementor-element elementor-element-a4ab8d1 elementor-align-center elementor-widget elementor-widget-button\" data-id=\"a4ab8d1\" data-element_type=\"widget\" data-widget_type=\"button.default\">\n\t\t\t\t<div class=\"elementor-widget-container\">\n\t\t\t\t\t<div class=\"elementor-button-wrapper\">\n\t\t\t<a href=\"https:\/\/ecole-fourtanier.org\/index.php\/nos-projets\/\" class=\"elementor-button-link elementor-button elementor-size-sm elementor-animation-float\" role=\"button\">\n\t\t\t\t\t\t<span class=\"elementor-button-content-wrapper\">\n\t\t\t\t\t\t<span class=\"elementor-button-text\">nos projets en cours<\/span>\n\t\t<\/span>\n\t\t\t\t\t<\/a>\n\t\t<\/div>\n\t\t\t\t<\/div>\n\t\t\t\t<\/div>\n\t\t\t\t\t<\/div>\n\t\t<\/div>\n\t\t\t\t\t\t\t<\/div>\n\t\t<\/section>\n\t\t\t\t\t\t\t<\/div>\n\t\t","protected":false},"excerpt":{"rendered":"<p>qui sommes-nous ? L&rsquo;ASSOCIATION L&rsquo;association de parents d&rsquo;\u00e9l\u00e8ves \u00catre Parent A l&rsquo;\u00e9cole Fourtanier est une association \u00e0 but non lucratif loi 1901. Elle a \u00e9t\u00e9 cr\u00e9\u00e9e en 2015. L&rsquo;association ind\u00e9pendante, la\u00efque et apolitique vise \u00e0 repr\u00e9senter les parents d&rsquo;\u00e9l\u00e8ves pour am\u00e9liorer le bien \u00eatre et le vivre ensemble \u00e0 l&rsquo;\u00e9cole A.Fourtanier. adh\u00e9rer L&rsquo;ADHESION Pour nous [&hellip;]<\/p>\n","protected":false},"author":2,"featured_media":0,"parent":0,"menu_order":0,"comment_status":"closed","ping_status":"closed","template":"","meta":{"footnotes":""},"class_list":["post-30","page","type-page","status-publish","hentry"],"yoast_head":"<!-- This site is optimized with the Yoast SEO plugin v19.1 - https:\/\/yoast.com\/wordpress\/plugins\/seo\/ -->\n<title>QUI SOMMES-NOUS ? - Association Fourtanier<\/title>\n<meta name=\"robots\" content=\"index, follow, max-snippet:-1, max-image-preview:large, max-video-preview:-1\" \/>\n<link rel=\"canonical\" href=\"https:\/\/ecole-fourtanier.org\/index.php\/qui-sommes-nous\/\" \/>\n<meta property=\"og:locale\" content=\"fr_FR\" \/>\n<meta property=\"og:type\" content=\"article\" \/>\n<meta property=\"og:title\" content=\"QUI SOMMES-NOUS ? - Association Fourtanier\" \/>\n<meta property=\"og:description\" content=\"qui sommes-nous ? L&rsquo;ASSOCIATION L&rsquo;association de parents d&rsquo;\u00e9l\u00e8ves \u00catre Parent A l&rsquo;\u00e9cole Fourtanier est une association \u00e0 but non lucratif loi 1901. Elle a \u00e9t\u00e9 cr\u00e9\u00e9e en 2015. L&rsquo;association ind\u00e9pendante, la\u00efque et apolitique vise \u00e0 repr\u00e9senter les parents d&rsquo;\u00e9l\u00e8ves pour am\u00e9liorer le bien \u00eatre et le vivre ensemble \u00e0 l&rsquo;\u00e9cole A.Fourtanier. adh\u00e9rer L&rsquo;ADHESION Pour nous [&hellip;]\" \/>\n<meta property=\"og:url\" content=\"https:\/\/ecole-fourtanier.org\/index.php\/qui-sommes-nous\/\" \/>\n<meta property=\"og:site_name\" content=\"Association Fourtanier\" \/>\n<meta property=\"article:modified_time\" content=\"2022-09-13T11:43:45+00:00\" \/>\n<meta name=\"twitter:card\" content=\"summary_large_image\" \/>\n<meta name=\"twitter:label1\" content=\"Dur\u00e9e de lecture estim\u00e9e\" \/>\n\t<meta name=\"twitter:data1\" content=\"1 minute\" \/>\n<script type=\"application\/ld+json\" class=\"yoast-schema-graph\">{\"@context\":\"https:\/\/schema.org\",\"@graph\":[{\"@type\":\"WebSite\",\"@id\":\"https:\/\/ecole-fourtanier.org\/#website\",\"url\":\"https:\/\/ecole-fourtanier.org\/\",\"name\":\"Association Fourtanier\",\"description\":\"Just another WordPress site\",\"potentialAction\":[{\"@type\":\"SearchAction\",\"target\":{\"@type\":\"EntryPoint\",\"urlTemplate\":\"https:\/\/ecole-fourtanier.org\/?s={search_term_string}\"},\"query-input\":\"required name=search_term_string\"}],\"inLanguage\":\"fr-FR\"},{\"@type\":\"WebPage\",\"@id\":\"https:\/\/ecole-fourtanier.org\/index.php\/qui-sommes-nous\/#webpage\",\"url\":\"https:\/\/ecole-fourtanier.org\/index.php\/qui-sommes-nous\/\",\"name\":\"QUI SOMMES-NOUS ? - Association Fourtanier\",\"isPartOf\":{\"@id\":\"https:\/\/ecole-fourtanier.org\/#website\"},\"datePublished\":\"2021-11-26T12:22:36+00:00\",\"dateModified\":\"2022-09-13T11:43:45+00:00\",\"breadcrumb\":{\"@id\":\"https:\/\/ecole-fourtanier.org\/index.php\/qui-sommes-nous\/#breadcrumb\"},\"inLanguage\":\"fr-FR\",\"potentialAction\":[{\"@type\":\"ReadAction\",\"target\":[\"https:\/\/ecole-fourtanier.org\/index.php\/qui-sommes-nous\/\"]}]},{\"@type\":\"BreadcrumbList\",\"@id\":\"https:\/\/ecole-fourtanier.org\/index.php\/qui-sommes-nous\/#breadcrumb\",\"itemListElement\":[{\"@type\":\"ListItem\",\"position\":1,\"name\":\"Accueil\",\"item\":\"https:\/\/ecole-fourtanier.org\/index.php\/accueil\/\"},{\"@type\":\"ListItem\",\"position\":2,\"name\":\"QUI SOMMES-NOUS ?\"}]}]}<\/script>\n<!-- \/ Yoast SEO plugin. -->","yoast_head_json":{"title":"QUI SOMMES-NOUS ? - Association Fourtanier","robots":{"index":"index","follow":"follow","max-snippet":"max-snippet:-1","max-image-preview":"max-image-preview:large","max-video-preview":"max-video-preview:-1"},"canonical":"https:\/\/ecole-fourtanier.org\/index.php\/qui-sommes-nous\/","og_locale":"fr_FR","og_type":"article","og_title":"QUI SOMMES-NOUS ? - Association Fourtanier","og_description":"qui sommes-nous ? L&rsquo;ASSOCIATION L&rsquo;association de parents d&rsquo;\u00e9l\u00e8ves \u00catre Parent A l&rsquo;\u00e9cole Fourtanier est une association \u00e0 but non lucratif loi 1901. Elle a \u00e9t\u00e9 cr\u00e9\u00e9e en 2015. L&rsquo;association ind\u00e9pendante, la\u00efque et apolitique vise \u00e0 repr\u00e9senter les parents d&rsquo;\u00e9l\u00e8ves pour am\u00e9liorer le bien \u00eatre et le vivre ensemble \u00e0 l&rsquo;\u00e9cole A.Fourtanier. adh\u00e9rer L&rsquo;ADHESION Pour nous [&hellip;]","og_url":"https:\/\/ecole-fourtanier.org\/index.php\/qui-sommes-nous\/","og_site_name":"Association Fourtanier","article_modified_time":"2022-09-13T11:43:45+00:00","twitter_card":"summary_large_image","twitter_misc":{"Dur\u00e9e de lecture estim\u00e9e":"1 minute"},"schema":{"@context":"https:\/\/schema.org","@graph":[{"@type":"WebSite","@id":"https:\/\/ecole-fourtanier.org\/#website","url":"https:\/\/ecole-fourtanier.org\/","name":"Association Fourtanier","description":"Just another WordPress site","potentialAction":[{"@type":"SearchAction","target":{"@type":"EntryPoint","urlTemplate":"https:\/\/ecole-fourtanier.org\/?s={search_term_string}"},"query-input":"required name=search_term_string"}],"inLanguage":"fr-FR"},{"@type":"WebPage","@id":"https:\/\/ecole-fourtanier.org\/index.php\/qui-sommes-nous\/#webpage","url":"https:\/\/ecole-fourtanier.org\/index.php\/qui-sommes-nous\/","name":"QUI SOMMES-NOUS ? - Association Fourtanier","isPartOf":{"@id":"https:\/\/ecole-fourtanier.org\/#website"},"datePublished":"2021-11-26T12:22:36+00:00","dateModified":"2022-09-13T11:43:45+00:00","breadcrumb":{"@id":"https:\/\/ecole-fourtanier.org\/index.php\/qui-sommes-nous\/#breadcrumb"},"inLanguage":"fr-FR","potentialAction":[{"@type":"ReadAction","target":["https:\/\/ecole-fourtanier.org\/index.php\/qui-sommes-nous\/"]}]},{"@type":"BreadcrumbList","@id":"https:\/\/ecole-fourtanier.org\/index.php\/qui-sommes-nous\/#breadcrumb","itemListElement":[{"@type":"ListItem","position":1,"name":"Accueil","item":"https:\/\/ecole-fourtanier.org\/index.php\/accueil\/"},{"@type":"ListItem","position":2,"name":"QUI SOMMES-NOUS ?"}]}]}},"_links":{"self":[{"href":"https:\/\/ecole-fourtanier.org\/index.php\/wp-json\/wp\/v2\/pages\/30","targetHints":{"allow":["GET"]}}],"collection":[{"href":"https:\/\/ecole-fourtanier.org\/index.php\/wp-json\/wp\/v2\/pages"}],"about":[{"href":"https:\/\/ecole-fourtanier.org\/index.php\/wp-json\/wp\/v2\/types\/page"}],"author":[{"embeddable":true,"href":"https:\/\/ecole-fourtanier.org\/index.php\/wp-json\/wp\/v2\/users\/2"}],"replies":[{"embeddable":true,"href":"https:\/\/ecole-fourtanier.org\/index.php\/wp-json\/wp\/v2\/comments?post=30"}],"version-history":[{"count":22,"href":"https:\/\/ecole-fourtanier.org\/index.php\/wp-json\/wp\/v2\/pages\/30\/revisions"}],"predecessor-version":[{"id":554,"href":"https:\/\/ecole-fourtanier.org\/index.php\/wp-json\/wp\/v2\/pages\/30\/revisions\/554"}],"wp:attachment":[{"href":"https:\/\/ecole-fourtanier.org\/index.php\/wp-json\/wp\/v2\/media?parent=30"}],"curies":[{"name":"wp","href":"https:\/\/api.w.org\/{rel}","templated":true}]}}